{"id":148,"date":"2023-07-25T20:47:05","date_gmt":"2023-07-25T20:47:05","guid":{"rendered":"https:\/\/spoddis.pt\/?page_id=148"},"modified":"2023-11-14T08:45:23","modified_gmt":"2023-11-14T08:45:23","slug":"sobre-2","status":"publish","type":"page","link":"https:\/\/spoddis.pt\/?page_id=148","title":{"rendered":"Sobre"},"content":{"rendered":"\n<div class=\"wp-block-cover alignfull\" style=\"min-height:300px;aspect-ratio:unset;\"><span aria-hidden=\"true\" class=\"wp-block-cover__background has-nv-site-bg-background-color has-background-dim-100 has-background-dim\"><\/span><div class=\"wp-block-cover__inner-container is-layout-flow wp-block-cover-is-layout-flow\">\n<div class=\"wp-block-group\"><div class=\"wp-block-group__inner-container is-layout-flow wp-block-group-is-layout-flow\">\n<h1 class=\"wp-block-heading has-text-align-left has-neve-text-color-color has-text-color\">Sobre a SPoDDis<\/h1>\n<\/div><\/div>\n<\/div><\/div>\n\n\n\n<div class=\"wp-block-cover alignfull\" style=\"min-height:852px;aspect-ratio:unset;\"><span aria-hidden=\"true\" class=\"wp-block-cover__background has-nv-light-bg-background-color has-background-dim-100 has-background-dim\"><\/span><div class=\"wp-block-cover__inner-container is-layout-flow wp-block-cover-is-layout-flow\">\n<div class=\"wp-block-group\"><div class=\"wp-block-group__inner-container is-layout-flow wp-block-group-is-layout-flow\">\n<div style=\"height:80px\" aria-hidden=\"true\" class=\"wp-block-spacer\"><\/div>\n\n\n\n<div class=\"wp-block-columns are-vertically-aligned-center is-layout-flex wp-container-core-columns-is-layout-9d6595d7 wp-block-columns-is-layout-flex\">\n<div class=\"wp-block-column is-vertically-aligned-center is-layout-flow wp-block-column-is-layout-flow\" style=\"flex-basis:50%\">\n<figure class=\"wp-block-image size-large\"><img fetchpriority=\"high\" decoding=\"async\" width=\"1024\" height=\"1024\" src=\"https:\/\/spoddis.pt\/wp-content\/uploads\/2023\/09\/20230606183051_IMG_0669-copiar-1024x1024.jpg\" alt=\"\" class=\"wp-image-128\" srcset=\"https:\/\/spoddis.pt\/wp-content\/uploads\/2023\/09\/20230606183051_IMG_0669-copiar-1024x1024.jpg 1024w, https:\/\/spoddis.pt\/wp-content\/uploads\/2023\/09\/20230606183051_IMG_0669-copiar-300x300.jpg 300w, https:\/\/spoddis.pt\/wp-content\/uploads\/2023\/09\/20230606183051_IMG_0669-copiar-150x150.jpg 150w, https:\/\/spoddis.pt\/wp-content\/uploads\/2023\/09\/20230606183051_IMG_0669-copiar-768x768.jpg 768w, https:\/\/spoddis.pt\/wp-content\/uploads\/2023\/09\/20230606183051_IMG_0669-copiar-1536x1536.jpg 1536w, https:\/\/spoddis.pt\/wp-content\/uploads\/2023\/09\/20230606183051_IMG_0669-copiar-2048x2048.jpg 2048w\" sizes=\"(max-width: 1024px) 100vw, 1024px\" \/><\/figure>\n<\/div>\n\n\n\n<div class=\"wp-block-column is-vertically-aligned-center is-layout-flow wp-block-column-is-layout-flow\" style=\"flex-basis:50%\">\n<h2 class=\"wp-block-heading has-neve-text-color-color has-text-color\">A Nossa Hist\u00f3ria<\/h2>\n\n\n\n<p class=\"has-neve-text-color-color has-text-color has-medium-font-size\">A degluti\u00e7\u00e3o \u00e9 um ato fisiol\u00f3gico transversal a todos os seres vivos. No nosso dia-a-dia n\u00e3o paramos para pensar na forma como deglutimos.<\/p>\n\n\n\n<p class=\"has-neve-text-color-color has-text-color\">A degluti\u00e7\u00e3o pode ficar fortemente comprometida, independentemente do g\u00e9nero, da idade e da problem\u00e1tica que nos afeta.<\/p>\n\n\n\n<p class=\"has-neve-text-color-color has-text-color\">Para isso, no cuidado \u00e0 pessoa com disfagia, conta-se com diversos grupos profissionais que atuam desde o diagn\u00f3stico \u00e0 interven\u00e7\u00e3o centrada na pessoa, assim como nos cuidadores e restantes equipas multidisciplinares.<\/p>\n\n\n\n<p class=\"has-neve-text-color-color has-text-color\">Desta necessidade, nasceu a Sociedade Portuguesa de Degluti\u00e7\u00e3o e Disfagia \u2013 SPoDDIS. Uma sociedade que visa ser uma ponte de liga\u00e7\u00e3o entre todos os profissionais, doentes e cuidadores que tenham em comum, o interessa pela degluti\u00e7\u00e3o e disfagia.<\/p>\n<\/div>\n<\/div>\n\n\n\n<div style=\"height:40px\" aria-hidden=\"true\" class=\"wp-block-spacer\"><\/div>\n<\/div><\/div>\n<\/div><\/div>\n\n\n\n<div class=\"wp-block-cover alignfull\" style=\"min-height:600px;aspect-ratio:unset;\"><span aria-hidden=\"true\" class=\"wp-block-cover__background has-nv-dark-bg-background-color has-background-dim-100 has-background-dim\"><\/span><div class=\"wp-block-cover__inner-container is-layout-flow wp-block-cover-is-layout-flow\">\n<div class=\"wp-block-group\"><div class=\"wp-block-group__inner-container is-layout-flow wp-block-group-is-layout-flow\">\n<div class=\"wp-block-columns are-vertically-aligned-center is-layout-flex wp-container-core-columns-is-layout-9d6595d7 wp-block-columns-is-layout-flex\">\n<div class=\"wp-block-column is-vertically-aligned-center is-layout-flow wp-block-column-is-layout-flow\" style=\"flex-basis:50%\">\n<h2 class=\"wp-block-heading has-nv-text-dark-bg-color has-text-color\">Os nosso valores<\/h2>\n\n\n\n<p class=\"has-nv-text-dark-bg-color has-text-color\">Excel\u00eancia no cuidado, na investiga\u00e7\u00e3o e na educa\u00e7\u00e3o s\u00e3o os pilares fundamentais que nos guiam. Valorizamos o respeito e a responsabilidade na promo\u00e7\u00e3o da comunica\u00e7\u00e3o e crescimento entre profissionais de sa\u00fade e investigadores de diversas disciplinas. Comprometemo-nos com a responsabilidade perante a comunidade e a sociedade civil. A nossa miss\u00e3o \u00e9 fornecer cuidados de excel\u00eancia, promover o avan\u00e7o do conhecimento e atuar com \u00e9tica e dedica\u00e7\u00e3o em prol do bem-estar de todos.<\/p>\n\n\n\n<div style=\"height:20px\" aria-hidden=\"true\" class=\"wp-block-spacer\"><\/div>\n\n\n\n<div class=\"wp-block-buttons is-layout-flex wp-block-buttons-is-layout-flex\">\n<div class=\"wp-block-button is-style-primary\"><a class=\"wp-block-button__link wp-element-button\" href=\"#\">QUERO JUNTAR-ME \u00c0 SPODDIS<\/a><\/div>\n<\/div>\n\n\n\n<div style=\"height:20px\" aria-hidden=\"true\" class=\"wp-block-spacer\"><\/div>\n<\/div>\n\n\n\n<div class=\"wp-block-column is-vertically-aligned-center is-layout-flow wp-block-column-is-layout-flow\" style=\"flex-basis:50%\">\n<figure class=\"wp-block-image\"><img decoding=\"async\" src=\"https:\/\/spoddis.pt\/wp-content\/themes\/neve\/assets\/img\/starter-content\/card-02.jpg\" alt=\"\"\/><\/figure>\n<\/div>\n<\/div>\n\n\n\n<div style=\"height:40px\" aria-hidden=\"true\" class=\"wp-block-spacer\"><\/div>\n<\/div><\/div>\n<\/div><\/div>\n\n\n\n<div class=\"wp-block-cover alignfull\" style=\"min-height:600px;aspect-ratio:unset;\"><span aria-hidden=\"true\" class=\"wp-block-cover__background has-nv-light-bg-background-color has-background-dim-100 has-background-dim\"><\/span><div class=\"wp-block-cover__inner-container is-layout-flow wp-block-cover-is-layout-flow\">\n<div class=\"wp-block-group\"><div class=\"wp-block-group__inner-container is-layout-flow wp-block-group-is-layout-flow\">\n<div style=\"height:80px\" aria-hidden=\"true\" class=\"wp-block-spacer\"><\/div>\n\n\n\n<div class=\"wp-block-columns is-layout-flex wp-container-core-columns-is-layout-9d6595d7 wp-block-columns-is-layout-flex\">\n<div class=\"wp-block-column is-layout-flow wp-block-column-is-layout-flow\">\n<figure class=\"wp-block-gallery aligncenter has-nested-images columns-default is-cropped wp-block-gallery-1 is-layout-flex wp-block-gallery-is-layout-flex\">\n<figure class=\"wp-block-image size-large is-style-default\"><img decoding=\"async\" width=\"1024\" height=\"1024\" data-id=\"122\" src=\"https:\/\/spoddis.pt\/wp-content\/uploads\/2023\/09\/susanavaz_freitas-1024x1024.png\" alt=\"\" class=\"wp-image-122\" srcset=\"https:\/\/spoddis.pt\/wp-content\/uploads\/2023\/09\/susanavaz_freitas-1024x1024.png 1024w, https:\/\/spoddis.pt\/wp-content\/uploads\/2023\/09\/susanavaz_freitas-300x300.png 300w, https:\/\/spoddis.pt\/wp-content\/uploads\/2023\/09\/susanavaz_freitas-150x150.png 150w, https:\/\/spoddis.pt\/wp-content\/uploads\/2023\/09\/susanavaz_freitas-768x768.png 768w, https:\/\/spoddis.pt\/wp-content\/uploads\/2023\/09\/susanavaz_freitas.png 1080w\" sizes=\"(max-width: 1024px) 100vw, 1024px\" \/><\/figure>\n<\/figure>\n\n\n\n<div style=\"height:41px\" aria-hidden=\"true\" class=\"wp-block-spacer\"><\/div>\n\n\n\n<h3 class=\"wp-block-heading has-text-align-center has-neve-text-color-color has-text-color\">Susana Vaz Freitas<\/h3>\n\n\n\n<p class=\"has-text-align-center has-neve-text-color-color has-text-color\">Presidente<\/p>\n\n\n\n<div style=\"height:41px\" aria-hidden=\"true\" class=\"wp-block-spacer\"><\/div>\n\n\n<div class=\"wp-block-image is-style-default\">\n<figure class=\"aligncenter size-large is-resized\"><img decoding=\"async\" width=\"1024\" height=\"1024\" src=\"https:\/\/spoddis.pt\/wp-content\/uploads\/2023\/11\/elisabete_cardoso-1024x1024.png\" alt=\"\" class=\"wp-image-185\" style=\"width:367px;height:367px\" srcset=\"https:\/\/spoddis.pt\/wp-content\/uploads\/2023\/11\/elisabete_cardoso-1024x1024.png 1024w, https:\/\/spoddis.pt\/wp-content\/uploads\/2023\/11\/elisabete_cardoso-300x300.png 300w, https:\/\/spoddis.pt\/wp-content\/uploads\/2023\/11\/elisabete_cardoso-150x150.png 150w, https:\/\/spoddis.pt\/wp-content\/uploads\/2023\/11\/elisabete_cardoso-768x768.png 768w, https:\/\/spoddis.pt\/wp-content\/uploads\/2023\/11\/elisabete_cardoso.png 1080w\" sizes=\"(max-width: 1024px) 100vw, 1024px\" \/><\/figure>\n<\/div>\n\n\n<div style=\"height:40px\" aria-hidden=\"true\" class=\"wp-block-spacer\"><\/div>\n\n\n\n<h3 class=\"wp-block-heading has-text-align-center has-neve-text-color-color has-text-color\">Elisabete Cardoso<\/h3>\n\n\n\n<p class=\"has-text-align-center has-neve-text-color-color has-text-color\">2\u00aa Secret\u00e1ria<\/p>\n\n\n\n<div style=\"height:40px\" aria-hidden=\"true\" class=\"wp-block-spacer\"><\/div>\n\n\n<div class=\"wp-block-image is-style-default\">\n<figure class=\"aligncenter size-large\"><img loading=\"lazy\" decoding=\"async\" width=\"1024\" height=\"1024\" src=\"https:\/\/spoddis.pt\/wp-content\/uploads\/2023\/08\/adelaide_dias-1024x1024.png\" alt=\"\" class=\"wp-image-111\" srcset=\"https:\/\/spoddis.pt\/wp-content\/uploads\/2023\/08\/adelaide_dias-1024x1024.png 1024w, https:\/\/spoddis.pt\/wp-content\/uploads\/2023\/08\/adelaide_dias-300x300.png 300w, https:\/\/spoddis.pt\/wp-content\/uploads\/2023\/08\/adelaide_dias-150x150.png 150w, https:\/\/spoddis.pt\/wp-content\/uploads\/2023\/08\/adelaide_dias-768x768.png 768w, https:\/\/spoddis.pt\/wp-content\/uploads\/2023\/08\/adelaide_dias.png 1080w\" sizes=\"(max-width: 1024px) 100vw, 1024px\" \/><\/figure>\n<\/div>\n\n\n<div style=\"height:40px\" aria-hidden=\"true\" class=\"wp-block-spacer\"><\/div>\n\n\n\n<h3 class=\"wp-block-heading has-text-align-center has-neve-text-color-color has-text-color\">Adelaide Dias<\/h3>\n\n\n\n<p class=\"has-text-align-center has-neve-text-color-color has-text-color\">Presidente da Assembleia<\/p>\n\n\n\n<div style=\"height:40px\" aria-hidden=\"true\" class=\"wp-block-spacer\"><\/div>\n\n\n<div class=\"wp-block-image is-style-default\">\n<figure class=\"aligncenter size-large is-resized\"><img loading=\"lazy\" decoding=\"async\" width=\"1024\" height=\"1024\" src=\"https:\/\/spoddis.pt\/wp-content\/uploads\/2023\/10\/isabel_carvalho-1024x1024.png\" alt=\"\" class=\"wp-image-178\" style=\"aspect-ratio:1;width:367px;height:auto\" srcset=\"https:\/\/spoddis.pt\/wp-content\/uploads\/2023\/10\/isabel_carvalho-1024x1024.png 1024w, https:\/\/spoddis.pt\/wp-content\/uploads\/2023\/10\/isabel_carvalho-300x300.png 300w, https:\/\/spoddis.pt\/wp-content\/uploads\/2023\/10\/isabel_carvalho-150x150.png 150w, https:\/\/spoddis.pt\/wp-content\/uploads\/2023\/10\/isabel_carvalho-768x768.png 768w, https:\/\/spoddis.pt\/wp-content\/uploads\/2023\/10\/isabel_carvalho.png 1080w\" sizes=\"(max-width: 1024px) 100vw, 1024px\" \/><\/figure>\n<\/div>\n\n\n<div style=\"height:40px\" aria-hidden=\"true\" class=\"wp-block-spacer\"><\/div>\n\n\n\n<h3 class=\"wp-block-heading has-text-align-center has-neve-text-color-color has-text-color\">Isabel Carvalho<\/h3>\n\n\n\n<p class=\"has-text-align-center has-neve-text-color-color has-text-color\">Presidente do Conselho Fiscal<\/p>\n<\/div>\n\n\n\n<div class=\"wp-block-column is-layout-flow wp-block-column-is-layout-flow\"><div class=\"wp-block-image is-style-default\">\n<figure class=\"aligncenter size-large\"><img loading=\"lazy\" decoding=\"async\" width=\"1024\" height=\"1024\" src=\"https:\/\/spoddis.pt\/wp-content\/uploads\/2023\/09\/daniela_ferreira-1-1024x1024.png\" alt=\"\" class=\"wp-image-120\" srcset=\"https:\/\/spoddis.pt\/wp-content\/uploads\/2023\/09\/daniela_ferreira-1-1024x1024.png 1024w, https:\/\/spoddis.pt\/wp-content\/uploads\/2023\/09\/daniela_ferreira-1-300x300.png 300w, https:\/\/spoddis.pt\/wp-content\/uploads\/2023\/09\/daniela_ferreira-1-150x150.png 150w, https:\/\/spoddis.pt\/wp-content\/uploads\/2023\/09\/daniela_ferreira-1-768x768.png 768w, https:\/\/spoddis.pt\/wp-content\/uploads\/2023\/09\/daniela_ferreira-1.png 1080w\" sizes=\"(max-width: 1024px) 100vw, 1024px\" \/><\/figure>\n<\/div>\n\n\n<div style=\"height:40px\" aria-hidden=\"true\" class=\"wp-block-spacer\"><\/div>\n\n\n\n<h3 class=\"wp-block-heading has-text-align-center has-neve-text-color-color has-text-color\">Daniela Ferreira<\/h3>\n\n\n\n<p class=\"has-text-align-center has-neve-text-color-color has-text-color\">Vice-Presidente<\/p>\n\n\n\n<div style=\"height:40px\" aria-hidden=\"true\" class=\"wp-block-spacer\"><\/div>\n\n\n<div class=\"wp-block-image is-style-default\">\n<figure class=\"aligncenter size-large\"><img loading=\"lazy\" decoding=\"async\" width=\"1024\" height=\"1024\" src=\"https:\/\/spoddis.pt\/wp-content\/uploads\/2023\/08\/salome-1024x1024.png\" alt=\"\" class=\"wp-image-109\" srcset=\"https:\/\/spoddis.pt\/wp-content\/uploads\/2023\/08\/salome-1024x1024.png 1024w, https:\/\/spoddis.pt\/wp-content\/uploads\/2023\/08\/salome-300x300.png 300w, https:\/\/spoddis.pt\/wp-content\/uploads\/2023\/08\/salome-150x150.png 150w, https:\/\/spoddis.pt\/wp-content\/uploads\/2023\/08\/salome-768x768.png 768w, https:\/\/spoddis.pt\/wp-content\/uploads\/2023\/08\/salome.png 1080w\" sizes=\"(max-width: 1024px) 100vw, 1024px\" \/><\/figure>\n<\/div>\n\n\n<div style=\"height:40px\" aria-hidden=\"true\" class=\"wp-block-spacer\"><\/div>\n\n\n\n<h3 class=\"wp-block-heading has-text-align-center has-neve-text-color-color has-text-color\">Salom\u00e9 Sobral Sousa<\/h3>\n\n\n\n<p class=\"has-text-align-center has-neve-text-color-color has-text-color\">1\u00aa Tesoureira<\/p>\n\n\n\n<div style=\"height:40px\" aria-hidden=\"true\" class=\"wp-block-spacer\"><\/div>\n\n\n<div class=\"wp-block-image is-style-default\">\n<figure class=\"aligncenter size-large\"><img loading=\"lazy\" decoding=\"async\" width=\"1024\" height=\"1024\" src=\"https:\/\/spoddis.pt\/wp-content\/uploads\/2023\/08\/semfoto-1024x1024.png\" alt=\"\" class=\"wp-image-108\" srcset=\"https:\/\/spoddis.pt\/wp-content\/uploads\/2023\/08\/semfoto-1024x1024.png 1024w, https:\/\/spoddis.pt\/wp-content\/uploads\/2023\/08\/semfoto-300x300.png 300w, https:\/\/spoddis.pt\/wp-content\/uploads\/2023\/08\/semfoto-150x150.png 150w, https:\/\/spoddis.pt\/wp-content\/uploads\/2023\/08\/semfoto-768x768.png 768w, https:\/\/spoddis.pt\/wp-content\/uploads\/2023\/08\/semfoto.png 1080w\" sizes=\"(max-width: 1024px) 100vw, 1024px\" \/><\/figure>\n<\/div>\n\n\n<div style=\"height:40px\" aria-hidden=\"true\" class=\"wp-block-spacer\"><\/div>\n\n\n\n<h3 class=\"wp-block-heading has-text-align-center has-neve-text-color-color has-text-color\">Alexandra Correia<\/h3>\n\n\n\n<p class=\"has-text-align-center has-neve-text-color-color has-text-color\">1\u00aa Secret\u00e1ria da Assembleia Geral<\/p>\n\n\n\n<div style=\"height:40px\" aria-hidden=\"true\" class=\"wp-block-spacer\"><\/div>\n\n\n<div class=\"wp-block-image is-style-default\">\n<figure class=\"aligncenter size-large\"><img loading=\"lazy\" decoding=\"async\" width=\"1024\" height=\"1024\" src=\"https:\/\/spoddis.pt\/wp-content\/uploads\/2023\/11\/rita_viana-1024x1024.png\" alt=\"\" class=\"wp-image-186\" srcset=\"https:\/\/spoddis.pt\/wp-content\/uploads\/2023\/11\/rita_viana-1024x1024.png 1024w, https:\/\/spoddis.pt\/wp-content\/uploads\/2023\/11\/rita_viana-300x300.png 300w, https:\/\/spoddis.pt\/wp-content\/uploads\/2023\/11\/rita_viana-150x150.png 150w, https:\/\/spoddis.pt\/wp-content\/uploads\/2023\/11\/rita_viana-768x768.png 768w, https:\/\/spoddis.pt\/wp-content\/uploads\/2023\/11\/rita_viana.png 1080w\" sizes=\"(max-width: 1024px) 100vw, 1024px\" \/><\/figure>\n<\/div>\n\n\n<div style=\"height:40px\" aria-hidden=\"true\" class=\"wp-block-spacer\"><\/div>\n\n\n\n<h3 class=\"wp-block-heading has-text-align-center has-neve-text-color-color has-text-color\">Rita Viana<\/h3>\n\n\n\n<p class=\"has-text-align-center has-neve-text-color-color has-text-color\">1\u00aa Secret\u00e1ria do Conselho Fiscal<\/p>\n\n\n\n<p><\/p>\n<\/div>\n\n\n\n<div class=\"wp-block-column is-layout-flow wp-block-column-is-layout-flow\"><div class=\"wp-block-image is-style-default\">\n<figure class=\"aligncenter size-large\"><img loading=\"lazy\" decoding=\"async\" width=\"1024\" height=\"1024\" src=\"https:\/\/spoddis.pt\/wp-content\/uploads\/2023\/10\/adriana_martins-1024x1024.png\" alt=\"\" class=\"wp-image-177\" srcset=\"https:\/\/spoddis.pt\/wp-content\/uploads\/2023\/10\/adriana_martins-1024x1024.png 1024w, https:\/\/spoddis.pt\/wp-content\/uploads\/2023\/10\/adriana_martins-300x300.png 300w, https:\/\/spoddis.pt\/wp-content\/uploads\/2023\/10\/adriana_martins-150x150.png 150w, https:\/\/spoddis.pt\/wp-content\/uploads\/2023\/10\/adriana_martins-768x768.png 768w, https:\/\/spoddis.pt\/wp-content\/uploads\/2023\/10\/adriana_martins.png 1080w\" sizes=\"(max-width: 1024px) 100vw, 1024px\" \/><\/figure>\n<\/div>\n\n\n<div style=\"height:40px\" aria-hidden=\"true\" class=\"wp-block-spacer\"><\/div>\n\n\n\n<h3 class=\"wp-block-heading has-text-align-center has-neve-text-color-color has-text-color\">Adriana Martins<\/h3>\n\n\n\n<p class=\"has-text-align-center has-neve-text-color-color has-text-color\">1\u00aa Secret\u00e1ria<\/p>\n\n\n\n<div style=\"height:40px\" aria-hidden=\"true\" class=\"wp-block-spacer\"><\/div>\n\n\n<div class=\"wp-block-image is-style-default\">\n<figure class=\"aligncenter size-large\"><img loading=\"lazy\" decoding=\"async\" width=\"1024\" height=\"1024\" src=\"https:\/\/spoddis.pt\/wp-content\/uploads\/2023\/08\/assuncao_matos-1024x1024.png\" alt=\"\" class=\"wp-image-110\" srcset=\"https:\/\/spoddis.pt\/wp-content\/uploads\/2023\/08\/assuncao_matos-1024x1024.png 1024w, https:\/\/spoddis.pt\/wp-content\/uploads\/2023\/08\/assuncao_matos-300x300.png 300w, https:\/\/spoddis.pt\/wp-content\/uploads\/2023\/08\/assuncao_matos-150x150.png 150w, https:\/\/spoddis.pt\/wp-content\/uploads\/2023\/08\/assuncao_matos-768x768.png 768w, https:\/\/spoddis.pt\/wp-content\/uploads\/2023\/08\/assuncao_matos.png 1080w\" sizes=\"(max-width: 1024px) 100vw, 1024px\" \/><\/figure>\n<\/div>\n\n\n<div style=\"height:40px\" aria-hidden=\"true\" class=\"wp-block-spacer\"><\/div>\n\n\n\n<h3 class=\"wp-block-heading has-text-align-center has-neve-text-color-color has-text-color\">Assun\u00e7\u00e3o Matos<\/h3>\n\n\n\n<p class=\"has-text-align-center has-neve-text-color-color has-text-color\">Diretora Cient\u00edfica<\/p>\n\n\n\n<div style=\"height:40px\" aria-hidden=\"true\" class=\"wp-block-spacer\"><\/div>\n\n\n<div class=\"wp-block-image is-style-default\">\n<figure class=\"aligncenter size-large\"><img loading=\"lazy\" decoding=\"async\" width=\"1024\" height=\"1024\" src=\"https:\/\/spoddis.pt\/wp-content\/uploads\/2023\/08\/ana_rita_almeida-1024x1024.png\" alt=\"\" class=\"wp-image-112\" srcset=\"https:\/\/spoddis.pt\/wp-content\/uploads\/2023\/08\/ana_rita_almeida-1024x1024.png 1024w, https:\/\/spoddis.pt\/wp-content\/uploads\/2023\/08\/ana_rita_almeida-300x300.png 300w, https:\/\/spoddis.pt\/wp-content\/uploads\/2023\/08\/ana_rita_almeida-150x150.png 150w, https:\/\/spoddis.pt\/wp-content\/uploads\/2023\/08\/ana_rita_almeida-768x768.png 768w, https:\/\/spoddis.pt\/wp-content\/uploads\/2023\/08\/ana_rita_almeida.png 1080w\" sizes=\"(max-width: 1024px) 100vw, 1024px\" \/><\/figure>\n<\/div>\n\n\n<div style=\"height:40px\" aria-hidden=\"true\" class=\"wp-block-spacer\"><\/div>\n\n\n\n<h3 class=\"wp-block-heading has-text-align-center has-neve-text-color-color has-text-color\">Ana Rita Almeida<\/h3>\n\n\n\n<p class=\"has-text-align-center has-neve-text-color-color has-text-color\">2\u00aa Secret\u00e1ria da Assembleia Geral<\/p>\n\n\n\n<div style=\"height:40px\" aria-hidden=\"true\" class=\"wp-block-spacer\"><\/div>\n\n\n\n<p class=\"has-text-align-center has-neve-text-color-color has-text-color\"><\/p>\n<\/div>\n<\/div>\n<\/div><\/div>\n<\/div><\/div>\n","protected":false},"excerpt":{"rendered":"","protected":false},"author":1,"featured_media":0,"parent":0,"menu_order":0,"comment_status":"closed","ping_status":"closed","template":"","meta":{"neve_meta_sidebar":"","neve_meta_container":"","neve_meta_enable_content_width":"on","neve_meta_content_width":100,"neve_meta_title_alignment":"","neve_meta_author_avatar":"","neve_post_elements_order":"","neve_meta_disable_header":"","neve_meta_disable_footer":"","neve_meta_disable_title":"on","footnotes":""},"class_list":["post-148","page","type-page","status-publish","hentry"],"_links":{"self":[{"href":"https:\/\/spoddis.pt\/index.php?rest_route=\/wp\/v2\/pages\/148","targetHints":{"allow":["GET"]}}],"collection":[{"href":"https:\/\/spoddis.pt\/index.php?rest_route=\/wp\/v2\/pages"}],"about":[{"href":"https:\/\/spoddis.pt\/index.php?rest_route=\/wp\/v2\/types\/page"}],"author":[{"embeddable":true,"href":"https:\/\/spoddis.pt\/index.php?rest_route=\/wp\/v2\/users\/1"}],"replies":[{"embeddable":true,"href":"https:\/\/spoddis.pt\/index.php?rest_route=%2Fwp%2Fv2%2Fcomments&post=148"}],"version-history":[{"count":4,"href":"https:\/\/spoddis.pt\/index.php?rest_route=\/wp\/v2\/pages\/148\/revisions"}],"predecessor-version":[{"id":187,"href":"https:\/\/spoddis.pt\/index.php?rest_route=\/wp\/v2\/pages\/148\/revisions\/187"}],"wp:attachment":[{"href":"https:\/\/spoddis.pt\/index.php?rest_route=%2Fwp%2Fv2%2Fmedia&parent=148"}],"curies":[{"name":"wp","href":"https:\/\/api.w.org\/{rel}","templated":true}]}}